{"id":18309,"date":"2021-03-26T11:08:41","date_gmt":"2021-03-26T10:08:41","guid":{"rendered":"https:\/\/palazzospinola.cultura.gov.it\/?page_id=18309"},"modified":"2025-09-11T15:25:04","modified_gmt":"2025-09-11T13:25:04","slug":"history","status":"publish","type":"page","link":"https:\/\/palazzospinola.cultura.gov.it\/fr\/history\/","title":{"rendered":"Histoire"},"content":{"rendered":"\n<div style=\"height:30px\" aria-hidden=\"true\" class=\"wp-block-spacer\"><\/div>\n\n\n\n<div style=\"height:30px\" aria-hidden=\"true\" class=\"wp-block-spacer\"><\/div>\n\n\n<div class=\"timeline-block\"><div class=\"block-content\">\n<div class=\"row timeline-child-block\"><div class=\"col-lg-2 pr-lg-80 time-table-label\"><h2>1593<\/h2><\/div><div class=\"col-lg-10\"><div class=\"pl-lg-30 timeline-inner-block\"><h2>La fondation du Palais\u00a0: Les Grimaldi<\/h2><div class=\"timeline-body\">\n\n<p>C&rsquo;est le noble Francesco Grimaldi qui a fait construire le palais \u00e0 la fin du XVI^e si\u00e8cle, sur des structures m\u00e9di\u00e9vales pr\u00e9existantes. Le b\u00e2timent dispose d&rsquo;une cour et donne sur deux places. Il compte plusieurs \u00e9tages. En 1599, il a \u00e9t\u00e9 inclus dans le syst\u00e8me des Rolli, une liste de r\u00e9sidences g\u00e9noises destin\u00e9es \u00e0 accueillir les ambassadeurs \u00e9trangers et les aristocrates visitant la ville. Quelques ann\u00e9es plus tard, le fils de Francesco, Tommaso Grimaldi, a demand\u00e9 au peintre Lazzaro Tavarone de d\u00e9corer les salles d&rsquo;apparat. Gr\u00e2ce \u00e0 son prestige, le b\u00e2timent a \u00e9t\u00e9 inclus dans Les Palais de G\u00eanes, un livre publi\u00e9 par Pieter Paul Rubens en 1622 pour faire conna\u00eetre en Europe les r\u00e9sidences extraordinaires de la ville.<\/p>\n\n\n<div id=\"banner-block-block_451bfd572b64f4d319097a7dfe3294e2\" class=\"ett-block banner-block aligncenter square-elements bg-light\" ><div data-per-slide=\"3\" class=\"banner-block-slider loading-block\"><div class=\"slide \"><div class=\"content lazy-image lazy\"  style=\"background-image: url(https:\/\/palazzospinola.cultura.gov.it\/wp-content\/uploads\/2021\/05\/Spinola_001-La-fondazione-1.jpg);\"><\/div><div class=\"body f-serif my-1 font-weight-bolder\" style=\"\"><p>Pieter Paul Rubens, Palais de Francesco Grimaldi<\/p>\n<\/div><\/div><div class=\"slide \"><div class=\"content lazy-image lazy\"  style=\"background-image: url(https:\/\/palazzospinola.cultura.gov.it\/wp-content\/uploads\/2021\/05\/Spinola_001-La-fondazione-2.jpg);\"><\/div><div class=\"body f-serif my-1 font-weight-bolder\" style=\"\"><p>Lazzaro Tavarone, Si\u00e8ge de Lisbonne<\/p>\n<\/div><\/div><div class=\"slide \"><div class=\"content lazy-image lazy\"  style=\"background-image: url(https:\/\/palazzospinola.cultura.gov.it\/wp-content\/uploads\/2021\/06\/Spinola_001-La-fondazione-3.jpg);\"><\/div><div class=\"body f-serif my-1 font-weight-bolder\" style=\"\"><p>Sculpteur actif \u00e0 G\u00eanes, Dessus-de-porte avec le blason Grimaldi<\/p>\n<\/div><\/div><\/div><\/div>\n<\/div><\/div><\/div><\/div>\n\n<div class=\"row timeline-child-block\"><div class=\"col-lg-2 pr-lg-80 time-table-label\"><h2>1650<\/h2><\/div><div class=\"col-lg-10\"><div class=\"pl-lg-30 timeline-inner-block\"><h2>L\u2019\u00e2ge des Pallavicino<\/h2><div class=\"timeline-body\">\n\n<p>En 1650, Tommaso Grimaldi, submerg\u00e9 par les dettes, est contraint de vendre le palais \u00e0 son beau-fr\u00e8re Ansaldo Pallavicino. Ce dernier, qui avait h\u00e9rit\u00e9 de la passion pour les arts de son p\u00e8re, Agostino, est rapidement devenu l\u2019un des plus grands collectionneurs de la ville. Une partie de la collection Pallavicino, compos\u00e9e de peintures, d&rsquo;argenterie et de meubles, est encore conserv\u00e9e dans le palais \u00e0 ce jour. Nicol\u00f2 Agostino Pallavicino, le fils d\u2019Ansaldo, n\u2019ayant pas de descendants, toutes ses possessions sont l\u00e9gu\u00e9es \u00e0 sa s\u0153ur Anna Maria en 1709. Par son mariage avec Gerolamo Doria, le domaine est h\u00e9rit\u00e9 par leur fils, Paolo Francesco Doria.<\/p>\n\n\n<div id=\"banner-block-block_6b139d090d8f4c325364a228e7de9deb\" class=\"ett-block banner-block square-elements bg-light\" ><div data-per-slide=\"3\" class=\"banner-block-slider loading-block\"><div class=\"slide \"><div class=\"content lazy-image lazy\"  style=\"background-image: url(https:\/\/palazzospinola.cultura.gov.it\/wp-content\/uploads\/2021\/05\/Spinola_002-Leta-1.jpg);\"><\/div><div class=\"body f-serif my-1 font-weight-bolder\" style=\"\"><p>Salon de la chemin\u00e9e<\/p>\n<\/div><\/div><div class=\"slide \"><div class=\"content lazy-image lazy\"  style=\"background-image: url(https:\/\/palazzospinola.cultura.gov.it\/wp-content\/uploads\/2021\/06\/Spinola_002-Leta-2.jpg);\"><\/div><div class=\"body f-serif my-1 font-weight-bolder\" style=\"\"><p>Matthias Melijn, Plat de parade avec le D\u00e9part de Colomb<\/p>\n<\/div><\/div><div class=\"slide \"><div class=\"content lazy-image lazy\"  style=\"background-image: url(https:\/\/palazzospinola.cultura.gov.it\/wp-content\/uploads\/2022\/01\/MG_6015-scaled-e1674549949564-1900x1686.jpg);\"><\/div><div class=\"body f-serif my-1 font-weight-bolder\" style=\"\"><p>Giovanni Benedetto Castiglione, le Grechetto, Voyage biblique<\/p>\n<\/div><\/div><\/div><\/div>\n<\/div><\/div><\/div><\/div>\n\n<div class=\"row timeline-child-block\"><div class=\"col-lg-2 pr-lg-80 time-table-label\"><h2>1732<\/h2><\/div><div class=\"col-lg-10\"><div class=\"pl-lg-30 timeline-inner-block\"><h2>Maddalena Doria, une femme \u00e0 la t\u00eate du Palais<\/h2><div class=\"timeline-body\">\n\n<p>En 1732, \u00e0 la mort de Paolo Francesco, sa s\u0153ur, Maddalena Doria, devient propri\u00e9taire du b\u00e2timent. Maddalena se marie avec Nicol\u00f2 Spinola, un acteur majeur de la vie politique g\u00e9noise dont le nom est rest\u00e9 associ\u00e9 \u00e0 la demeure, Palazzo Spinola. Mais c\u2019est Maddalena qui transforme le b\u00e2timent \u00e0 sa guise. Entre 1734 et 1736, elle fait appel \u00e0 de nombreux artistes pour travailler au deuxi\u00e8me \u00e9tage noble et laisse une empreinte ind\u00e9l\u00e9bile dans ses salles. Elle fait venir des miroirs de Paris, accroche les tableaux comme ils sont dispos\u00e9s en grande partie encore aujourd\u2019hui, et imprime sa marque personnelle sur le plan. Les fa\u00e7ades sont alors \u00e9quip\u00e9es d&rsquo;un nouveau d\u00e9cor en stuc, qui est encore conserv\u00e9 aujourd\u2019hui. Le palais prend ainsi un aspect rococo, le style raffin\u00e9 du XVIII^e si\u00e8cle europ\u00e9en.<\/p>\n\n\n<div id=\"banner-block-block_913cbf9d660032b2be4f7686318afb72\" class=\"ett-block banner-block square-elements bg-light\" ><div data-per-slide=\"3\" class=\"banner-block-slider loading-block\"><div class=\"slide \"><div class=\"content lazy-image lazy\"  style=\"background-image: url(https:\/\/palazzospinola.cultura.gov.it\/wp-content\/uploads\/2022\/01\/Secondo-Piano-LISTRI-9.jpg);\"><\/div><div class=\"body f-serif my-1 font-weight-bolder\" style=\"\"><p>Salon du deuxi\u00e8me \u00e9tage noble<\/p>\n<\/div><\/div><div class=\"slide \"><div class=\"content lazy-image lazy\"  style=\"background-image: url(https:\/\/palazzospinola.cultura.gov.it\/wp-content\/uploads\/2021\/05\/Spinola_003-Maddalena-2.jpg);\"><\/div><div class=\"body f-serif my-1 font-weight-bolder\" style=\"\"><p>Sebastiano Galeotti, Banquet pour les noces d\u2019amour et de psych\u00e9<\/p>\n<\/div><\/div><div class=\"slide \"><div class=\"content lazy-image lazy\"  style=\"background-image: url(https:\/\/palazzospinola.cultura.gov.it\/wp-content\/uploads\/2021\/05\/Spinola_003-Maddalena-3.jpg);\"><\/div><div class=\"body f-serif my-1 font-weight-bolder\" style=\"\"><p>Galerie des Glaces<\/p>\n<\/div><\/div><\/div><\/div>\n<\/div><\/div><\/div><\/div>\n\n<div class=\"row timeline-child-block\"><div class=\"col-lg-2 pr-lg-80 time-table-label\"><h2>1770<\/h2><\/div><div class=\"col-lg-10\"><div class=\"pl-lg-30 timeline-inner-block\"><h2>Des Spinola de San Luca aux Spinola de Luccoli<\/h2><div class=\"timeline-body\">\n\n<p>Le petit-fils de Maddalena Doria, Paolo Francesco Spinola, est propri\u00e9taire du palais durant les ann\u00e9es de la R\u00e9volution fran\u00e7aise et de la fin de la R\u00e9publique de G\u00eanes (1797). En cette p\u00e9riode d&rsquo;incertitude politique, le noble est en proie \u00e0 de nombreux probl\u00e8mes de sant\u00e9 et ne pourra pas assurer sa descendance. Il meurt sans enfant en 1824 et son palais ainsi que sa chartreuse sont l\u00e9gu\u00e9s \u00e0 son cousin maternel, Giacomo Spinola. Les deux nobles appartenaient \u00e0 deux branches diff\u00e9rentes de la famille Spinola : Paolo Francesco \u00e0 celle de San Luca et Giacomo \u00e0 celle de Luccoli. Les Spinola de Luccoli seront les derniers propri\u00e9taires du palais.<\/p>\n\n\n<div id=\"banner-block-block_e60070fa512ea835d973768aa1062f6a\" class=\"ett-block banner-block square-elements bg-light\" ><div data-per-slide=\"3\" class=\"banner-block-slider loading-block\"><div class=\"slide \"><div class=\"content lazy-image lazy\"  style=\"background-image: url(https:\/\/palazzospinola.cultura.gov.it\/wp-content\/uploads\/2021\/05\/Spinola_004-Dagli-Spinola-1.jpg);\"><\/div><div class=\"body f-serif my-1 font-weight-bolder\" style=\"\"><p>Bartolomeo Carrea, Piet\u00e0<\/p>\n<\/div><\/div><div class=\"slide \"><div class=\"content lazy-image lazy\"  style=\"background-image: url(https:\/\/palazzospinola.cultura.gov.it\/wp-content\/uploads\/2021\/05\/Spinola_004-Dagli-Spinola-2.jpg);\"><\/div><div class=\"body f-serif my-1 font-weight-bolder\" style=\"\"><p>Pot \u00e0 bougies<\/p>\n<\/div><\/div><div class=\"slide \"><div class=\"content lazy-image lazy\"  style=\"background-image: url(https:\/\/palazzospinola.cultura.gov.it\/wp-content\/uploads\/2021\/05\/Spinola_004-Dagli-Spinola-3.jpg);\"><\/div><div class=\"body f-serif my-1 font-weight-bolder\" style=\"\"><p>Simon Boizot, Apollon et Daphn\u00e9<\/p>\n<\/div><\/div><\/div><\/div>\n<\/div><\/div><\/div><\/div>\n\n<div class=\"row timeline-child-block\"><div class=\"col-lg-2 pr-lg-80 time-table-label\"><h2>1824<\/h2><\/div><div class=\"col-lg-10\"><div class=\"pl-lg-30 timeline-inner-block\"><h2>Les ann\u00e9es de Giacomo et Franco Gaetano Spinola<\/h2><div class=\"timeline-body\">\n\n<p>Avec Giacomo Spinola, la demeure vit ses derni\u00e8res ann\u00e9es de gloire. Le noble finance de nombreuses restaurations et modernise le b\u00e2timent en y installant de nouvelles cuisines. Gr\u00e2ce \u00e0 lui, une importante collection provenant en partie de ses anc\u00eatres et en partie de la famille de sa femme, Violantina Balbi, arrive au palais. Il sauve \u00e9galement de la destruction certains monuments d\u00e9di\u00e9s \u00e0 la m\u00e9moire d&rsquo;anciens membres de sa famille et les fait entrer dans sa demeure. Apr\u00e8s sa mort en 1858, le patrimoine est d&rsquo;abord h\u00e9rit\u00e9 par son fils Francesco Gaetano, puis par son neveu Ugo Spinola qui, au XX^e si\u00e8cle, transmettra l&rsquo;histoire du palais.<\/p>\n\n\n<div id=\"banner-block-block_95eb5671893b48534f40826b46224683\" class=\"ett-block banner-block square-elements bg-light\" ><div data-per-slide=\"3\" class=\"banner-block-slider loading-block\"><div class=\"slide \"><div class=\"content lazy-image lazy\"  style=\"background-image: url(https:\/\/palazzospinola.cultura.gov.it\/wp-content\/uploads\/2021\/05\/Spinola_005-Gli-anni-1.jpg);\"><\/div><div class=\"body f-serif my-1 font-weight-bolder\" style=\"\"><p>Cuisines historiques<\/p>\n<\/div><\/div><div class=\"slide \"><div class=\"content lazy-image lazy\"  style=\"background-image: url(https:\/\/palazzospinola.cultura.gov.it\/wp-content\/uploads\/2021\/05\/Spinola_005-Gli-anni-2.jpg);\"><\/div><div class=\"body f-serif my-1 font-weight-bolder\" style=\"\"><p>Francesco Baratta, Giulio Spinola<\/p>\n<\/div><\/div><div class=\"slide \"><div class=\"content lazy-image lazy\"  style=\"background-image: url(https:\/\/palazzospinola.cultura.gov.it\/wp-content\/uploads\/2021\/05\/Spinola_005-Gli-anni-3.jpg);\"><\/div><div class=\"body f-serif my-1 font-weight-bolder\" style=\"\"><p>Antonello da Messina, Ecce Homo<\/p>\n<\/div><\/div><\/div><\/div>\n<\/div><\/div><\/div><\/div>\n\n<div class=\"row timeline-child-block\"><div class=\"col-lg-2 pr-lg-80 time-table-label\"><h2>1958<\/h2><\/div><div class=\"col-lg-10\"><div class=\"pl-lg-30 timeline-inner-block\"><h2>La donation de Franco et Paolo Spinola<\/h2><div class=\"timeline-body\">\n\n<p>Franco et Paolo Spinola, les fils d\u2019Ugo, n\u2019ont pas eu de descendance. Anim\u00e9s par une forte sensibilit\u00e9 culturelle et conseill\u00e9s par le surintendant Pasquale Rotondi, ils d\u00e9cident en 1958 de l\u00e9guer le palais et ses collections \u00e0 l\u2019\u00c9tat italien. L\u2019ann\u00e9e suivante, un nouveau mus\u00e9e est cr\u00e9\u00e9 : la Galerie nationale de Palazzo Spinola. Depuis lors, cette demeure historique, qui a \u00e9t\u00e9 la maison de riches nobles pendant des si\u00e8cles et qui a conserv\u00e9 des \u0153uvres d\u2019art, des meubles et des documents, ouvre ses portes \u00e0 un large public.<\/p>\n\n\n<div id=\"banner-block-block_55199b6f97b3db822c89fbb17849ec99\" class=\"ett-block banner-block square-elements bg-light\" ><div data-per-slide=\"3\" class=\"banner-block-slider loading-block\"><div class=\"slide \"><div class=\"content lazy-image lazy\"  style=\"background-image: url(https:\/\/palazzospinola.cultura.gov.it\/wp-content\/uploads\/2021\/05\/Spinola_006-La-donazione-1.jpg);\"><\/div><div class=\"body f-serif my-1 font-weight-bolder\" style=\"\"><p>Le Salon de la chemin\u00e9e en 1958<\/p>\n<\/div><\/div><div class=\"slide \"><div class=\"content lazy-image lazy\"  style=\"background-image: url(https:\/\/palazzospinola.cultura.gov.it\/wp-content\/uploads\/2021\/05\/Spinola_006-La-donazione-2.jpg);\"><\/div><div class=\"body f-serif my-1 font-weight-bolder\" style=\"\"><p>Portail de la Piazza Superiore de Pellicceria<\/p>\n<\/div><\/div><div class=\"slide \"><div class=\"content lazy-image lazy\"  style=\"background-image: url(https:\/\/palazzospinola.cultura.gov.it\/wp-content\/uploads\/2021\/05\/Spinola_006-La-donazione-3.jpg);\"><\/div><div class=\"body f-serif my-1 font-weight-bolder\" style=\"\"><p>Le Salon Galeotti en 1958<\/p>\n<\/div><\/div><\/div><\/div>\n<\/div><\/div><\/div><\/div>\n\n<div class=\"row timeline-child-block\"><div class=\"col-lg-2 pr-lg-80 time-table-label\"><h2>1992<\/h2><\/div><div class=\"col-lg-10\"><div class=\"pl-lg-30 timeline-inner-block\"><h2>La naissance de la Galerie Nationale de Ligurie<\/h2><div class=\"timeline-body\">\n\n<p>Les donateurs envisagent d\u00e9j\u00e0 de transformer les derniers \u00e9tages du b\u00e2timent en un espace mus\u00e9al moderne. \u00c0 l&rsquo;origine, ces pi\u00e8ces abritaient les chambres priv\u00e9es des propri\u00e9taires et du personnel. D\u00e9truits au cours de la Seconde Guerre mondiale, ces espaces peuvent, une fois restaur\u00e9s, accueillir de nouvelles fonctions. Le projet prend forme en 1992, avec l&rsquo;inauguration de la Galerie nationale de Ligurie. Ses salles abritent une s\u00e9rie d\u2019\u0153uvres en constante augmentation, acquises par le mus\u00e9e dans le but de documenter plus de cinq si\u00e8cles d\u2019art ligure. Peintures comme le Portrait \u00e9questre de Giovan Carlo Doria, de Pieter Paul Rubens, ainsi que des sculptures telles que la Justice de Giovanni Pisano, dialoguent avec d&rsquo;importants chefs-d&rsquo;\u0153uvre d&rsquo;artistes g\u00e9nois, italiens et \u00e9trangers.<\/p>\n\n\n<div id=\"banner-block-block_e4de45a979fd05482e59b6c2988cd929\" class=\"ett-block banner-block square-elements bg-light\" ><div data-per-slide=\"3\" class=\"banner-block-slider loading-block\"><div class=\"slide \"><div class=\"content lazy-image lazy\"  style=\"background-image: url(https:\/\/palazzospinola.cultura.gov.it\/wp-content\/uploads\/2025\/09\/010-1900x1069.jpg);\"><\/div><div class=\"body f-serif my-1 font-weight-bolder\" style=\"\"><p>La salle du XVIIe si\u00e8cle dans la Galerie nationale de la Ligurie<\/p>\n<\/div><\/div><div class=\"slide \"><div class=\"content lazy-image lazy\"  style=\"background-image: url(https:\/\/palazzospinola.cultura.gov.it\/wp-content\/uploads\/2021\/05\/Spinola_007-La-nascita-2.jpg);\"><\/div><div class=\"body f-serif my-1 font-weight-bolder\" style=\"\"><p>Pieter Paul Rubens, Portrait de Gio. Carlo Doria<\/p>\n<\/div><\/div><div class=\"slide \"><div class=\"content lazy-image lazy\"  style=\"background-image: url(https:\/\/palazzospinola.cultura.gov.it\/wp-content\/uploads\/2025\/09\/101-1900x1069.jpg);\"><\/div><div class=\"body f-serif my-1 font-weight-bolder\" style=\"\"><p>La salle des services de table de la Galerie Nationale de la Ligurie<\/p>\n<\/div><\/div><\/div><\/div>\n<\/div><\/div><\/div><\/div>\n<\/div><\/div>\n\n\n<div style=\"height:100px\" aria-hidden=\"true\" class=\"wp-block-spacer\"><\/div>\n","protected":false},"excerpt":{"rendered":"","protected":false},"author":2,"featured_media":18222,"parent":0,"menu_order":0,"comment_status":"closed","ping_status":"closed","template":"","meta":{"_acf_changed":false,"footnotes":""},"class_list":["post-18309","page","type-page","status-publish","has-post-thumbnail","hentry"],"acf":[],"_links":{"self":[{"href":"https:\/\/palazzospinola.cultura.gov.it\/fr\/wp-json\/wp\/v2\/pages\/18309","targetHints":{"allow":["GET"]}}],"collection":[{"href":"https:\/\/palazzospinola.cultura.gov.it\/fr\/wp-json\/wp\/v2\/pages"}],"about":[{"href":"https:\/\/palazzospinola.cultura.gov.it\/fr\/wp-json\/wp\/v2\/types\/page"}],"author":[{"embeddable":true,"href":"https:\/\/palazzospinola.cultura.gov.it\/fr\/wp-json\/wp\/v2\/users\/2"}],"replies":[{"embeddable":true,"href":"https:\/\/palazzospinola.cultura.gov.it\/fr\/wp-json\/wp\/v2\/comments?post=18309"}],"version-history":[{"count":2,"href":"https:\/\/palazzospinola.cultura.gov.it\/fr\/wp-json\/wp\/v2\/pages\/18309\/revisions"}],"predecessor-version":[{"id":18411,"href":"https:\/\/palazzospinola.cultura.gov.it\/fr\/wp-json\/wp\/v2\/pages\/18309\/revisions\/18411"}],"wp:featuredmedia":[{"embeddable":true,"href":"https:\/\/palazzospinola.cultura.gov.it\/fr\/wp-json\/wp\/v2\/media\/18222"}],"wp:attachment":[{"href":"https:\/\/palazzospinola.cultura.gov.it\/fr\/wp-json\/wp\/v2\/media?parent=18309"}],"curies":[{"name":"wp","href":"https:\/\/api.w.org\/{rel}","templated":true}]}}